{"id":3093,"date":"2017-08-17T13:35:20","date_gmt":"2017-08-17T16:35:20","guid":{"rendered":"http:\/\/www.sepacoautogestao.org.br\/home\/?page_id=3093"},"modified":"2022-06-27T16:04:59","modified_gmt":"2022-06-27T19:04:59","slug":"unidades-proprias","status":"publish","type":"page","link":"http:\/\/www.sepacoautogestao.org.br\/home\/unidades-proprias\/","title":{"rendered":"Unidades Pr\u00f3prias"},"content":{"rendered":"<div class='grid-row clearfix'><div class='grid-col grid-col-12'><section class='cws-widget'><div class='widget-title'>S\u00e3o Paulo<\/div><div class='cws_widget_content tab_widget'>\r\n\t\t\t\t<div class='tabs'><a class='tab active' role='tab' tabindex='0'>Hospital Sepaco<\/a><a class='tab' role='tab' tabindex='1'>Ambulat\u00f3rio Vila Mariana<\/a><a class='tab' role='tab' tabindex='2'>Sepaco Mogi das Cruzes<\/a><\/div>\r\n\t\t\t\t<div class='tab_items'><div class='tab_item' role='tabpanel' tabindex='0'>\n<p><img loading=\"lazy\" class=\"wp-image-3069 alignleft\" src=\"http:\/\/www.sepacoautogestao.org.br\/home\/wp-content\/uploads\/2017\/08\/FachadaLateral.jpg\" alt=\"\" width=\"300\" height=\"219\" srcset=\"http:\/\/www.sepacoautogestao.org.br\/home\/wp-content\/uploads\/2017\/08\/FachadaLateral.jpg 1500w, http:\/\/www.sepacoautogestao.org.br\/home\/wp-content\/uploads\/2017\/08\/FachadaLateral-768x560.jpg 768w, http:\/\/www.sepacoautogestao.org.br\/home\/wp-content\/uploads\/2017\/08\/FachadaLateral-100x73.jpg 100w, http:\/\/www.sepacoautogestao.org.br\/home\/wp-content\/uploads\/2017\/08\/FachadaLateral-230x167.jpg 230w\" sizes=\"(max-width: 300px) 100vw, 300px\" \/>Especializado em procedimentos de alta complexidade, como card\u00edacos, neurol\u00f3gicos e cir\u00fargicos (com necessidade de implantes de \u00f3rteses, pr\u00f3teses e materiais de s\u00edntese), o Hospital Sepaco tamb\u00e9m traz dentro de sua infraestrutura uma \u00e1rea de hemodin\u00e2mica e centro de oncologia pr\u00f3prio.<\/p>\n<p>Localiza\u00e7\u00e3o:<br \/>\nRua Vergueiro, 4210 \u2013 Vila Mariana \u2013 S\u00e3o Paulo \/ SP<br \/>\nTel.: (11) 2182-4444<br \/>\nwww.sepaco.org.br<\/p>\n<\/div><div class='tab_item' role='tabpanel' tabindex='1' style='display:none'>\n<p><img loading=\"lazy\" class=\"size-medium wp-image-3098 alignleft\" src=\"http:\/\/www.sepacoautogestao.org.br\/home\/wp-content\/uploads\/2017\/08\/Ambulatorio-Sepaco-300x300.jpg\" alt=\"\" width=\"300\" height=\"300\" srcset=\"http:\/\/www.sepacoautogestao.org.br\/home\/wp-content\/uploads\/2017\/08\/Ambulatorio-Sepaco-300x300.jpg 300w, http:\/\/www.sepacoautogestao.org.br\/home\/wp-content\/uploads\/2017\/08\/Ambulatorio-Sepaco-150x150.jpg 150w, http:\/\/www.sepacoautogestao.org.br\/home\/wp-content\/uploads\/2017\/08\/Ambulatorio-Sepaco-1024x1024.jpg 1024w\" sizes=\"(max-width: 300px) 100vw, 300px\" \/>Situado pr\u00f3ximo ao Hospital Sepaco, o Ambulat\u00f3rio Sepaco Vila Mariana atende as seguintes especialidades:\u00a0cardiologia, cl\u00ednica m\u00e9dica, pediatria, endocrinologia, fisioterapia, acupuntura, fonoaudiologia, ginecologia, ortopedia, pneumologia, psicologia, nefrologia, reumatologia, terapia ocupacional, urologia, cirurgia geral e cirurgia vascular.<\/p>\n<p>Localiza\u00e7\u00e3o:<br \/>\nRua Embua\u00e7\u00fa, 150 &#8211; Vila Mariana &#8211; SP<\/p>\n<p><a href=\"http:\/\/www.sepaco.org.br\/clientes\/ambulatorio-sepaco-vila-mariana\">Clique aqui<\/a> para acessar o site do ambulat\u00f3rio.<\/p>\n<\/div><div class='tab_item' role='tabpanel' tabindex='2' style='display:none'>\n<p><img loading=\"lazy\" class=\"size-medium wp-image-3817 alignleft\" src=\"http:\/\/www.sepacoautogestao.org.br\/home\/wp-content\/uploads\/2018\/02\/IMG_4643-Edit-300x300.jpg\" alt=\"\" width=\"300\" height=\"300\" srcset=\"http:\/\/www.sepacoautogestao.org.br\/home\/wp-content\/uploads\/2018\/02\/IMG_4643-Edit-300x300.jpg 300w, http:\/\/www.sepacoautogestao.org.br\/home\/wp-content\/uploads\/2018\/02\/IMG_4643-Edit-150x150.jpg 150w, http:\/\/www.sepacoautogestao.org.br\/home\/wp-content\/uploads\/2018\/02\/IMG_4643-Edit-1024x1024.jpg 1024w\" sizes=\"(max-width: 300px) 100vw, 300px\" \/>Atendimento sem hora marcada na especialidade de cl\u00ednica m\u00e9dica.<\/p>\n<p>Atendimentos com agendamento nas especialidades de angiologia e cirurgia vascular, cardiologia, cl\u00ednica m\u00e9dica, cirurgia geral, dermatologia, endocrinologia, gastroenterologia, geriatria, ginecologia e obstetr\u00edcia, mastologista, nutri\u00e7\u00e3o, oftalmologia, ortopedia e traumatologia, otorrinolaringologia, pediatria, pneumologia adulto e infantil, psicologia, urologia.<\/p>\n<p>Procedimentos m\u00e9dicos e de enfermagem, com prescri\u00e7\u00e3o de medicamentos.<\/p>\n<p>Realiza\u00e7\u00e3o de exames laboratoriais.<\/p>\n<p>Novo endere\u00e7o:<br \/>\nRua Dr. Osmar Marinho Couto, 76, Alto do Ipiranga<br \/>\nMogi das Cruzes \/ SP<br \/>\nTel.: (11) 4724-8390<\/p>\n<\/div><\/div>\r\n\t\t\t\t<\/div><\/section><section class='cws-widget'><div class='widget-title'>Bahia<\/div><div class='cws_widget_content tab_widget'>\r\n\t\t\t\t<div class='tabs'><a class='tab active' role='tab' tabindex='0'>Hospital Paineiras<\/a><\/div>\r\n\t\t\t\t<div class='tab_items'><div class='tab_item' role='tabpanel' tabindex='0'>\n<p><img loading=\"lazy\" class=\"alignleft wp-image-3127\" src=\"http:\/\/www.sepacoautogestao.org.br\/home\/wp-content\/uploads\/2017\/08\/HospitalPaineiras.jpg\" alt=\"\" width=\"300\" height=\"234\" srcset=\"http:\/\/www.sepacoautogestao.org.br\/home\/wp-content\/uploads\/2017\/08\/HospitalPaineiras.jpg 1500w, http:\/\/www.sepacoautogestao.org.br\/home\/wp-content\/uploads\/2017\/08\/HospitalPaineiras-768x600.jpg 768w, http:\/\/www.sepacoautogestao.org.br\/home\/wp-content\/uploads\/2017\/08\/HospitalPaineiras-100x78.jpg 100w, http:\/\/www.sepacoautogestao.org.br\/home\/wp-content\/uploads\/2017\/08\/HospitalPaineiras-230x179.jpg 230w\" sizes=\"(max-width: 300px) 100vw, 300px\" \/>Hospital geral, maternidade, pronto atendimento, raio-x, laborat\u00f3rio e ambulat\u00f3rio com as seguintes especialidades: alergologia, anestesiologia, angiologia\/vascular, cardiologia, cirurgia geral, cl\u00ednica m\u00e9dica, dermatologia, endocrinologia, endocrinopediatria, fisioterapia, fonoaudiologia, gastroenterologia, ginecologia\/obstetr\u00edcia, hebiatria, neurologia, nutri\u00e7\u00e3o, oftalmologia, ortopedia e traumatologia, otorrinolaringologia, pediatria, psicologia, ultrassonografia e urologia.<\/p>\n<p>Av. Eucaliptos, 8 &#8211; Jardim dos Eucaliptos<br \/>\nMucuri \/ BA<br \/>\nTel.: (073) 3605-3900<\/p>\n<\/div><\/div>\r\n\t\t\t\t<\/div><\/section><section class='cws-widget'><section class='cws_widget_content'>\n<h2><strong><i class='soc_icon fa fa fa-arrow-right fa-1x'><\/i> Cl\u00ednica Paineiras<\/strong><\/h2>\n<\/section><\/section><section class='cws-widget'><div class='cws_widget_content tab_widget'>\r\n\t\t\t\t<div class='tabs'><a class='tab active' role='tab' tabindex='0'>Unidade Teixeira de Freitas<\/a><a class='tab' role='tab' tabindex='1'>Unidade Posto da Mata<\/a><a class='tab' role='tab' tabindex='2'>Unidade Mucuri<\/a><\/div>\r\n\t\t\t\t<div class='tab_items'><div class='tab_item' role='tabpanel' tabindex='0'>\n<p><img loading=\"lazy\" class=\"wp-image-3128 alignleft\" src=\"http:\/\/www.sepacoautogestao.org.br\/home\/wp-content\/uploads\/2017\/08\/TeixDeFreitas.jpg\" alt=\"\" width=\"300\" height=\"225\" srcset=\"http:\/\/www.sepacoautogestao.org.br\/home\/wp-content\/uploads\/2017\/08\/TeixDeFreitas.jpg 1600w, http:\/\/www.sepacoautogestao.org.br\/home\/wp-content\/uploads\/2017\/08\/TeixDeFreitas-768x576.jpg 768w, http:\/\/www.sepacoautogestao.org.br\/home\/wp-content\/uploads\/2017\/08\/TeixDeFreitas-100x75.jpg 100w, http:\/\/www.sepacoautogestao.org.br\/home\/wp-content\/uploads\/2017\/08\/TeixDeFreitas-230x172.jpg 230w\" sizes=\"(max-width: 300px) 100vw, 300px\" \/>Coleta para exames laboratoriais, ultrassom, ambulat\u00f3rio de especialidades m\u00e9dicas com alergologia, anestesiologia, angiologia\/vascular, cardiologia, cirurgia geral, cl\u00ednica m\u00e9dica, dermatologia, endocrinologia, endocrinopediatria, fisioterapia, fonoaudiologia, gastroenterologia, ginecologia\/obstetr\u00edcia, hebiatria, neurologia, nutri\u00e7\u00e3o, oftalmologia, ortopedia e traumatologia, otorrinolaringologia, pediatria, psicologia, ultrassonografia e urologia.<\/p>\n<p>Av. S\u00e3o Paulo, 520 &#8211; Jardim Cara\u00edpe &#8211; Teixeira de Freitas \/ BA<br \/>\nTel.: (073) 3291-2724<\/p>\n<\/div><div class='tab_item' role='tabpanel' tabindex='1' style='display:none'>\n<p><img loading=\"lazy\" class=\"size-medium wp-image-3129 alignleft\" src=\"http:\/\/www.sepacoautogestao.org.br\/home\/wp-content\/uploads\/2017\/08\/PostoDaMata-300x300.jpg\" alt=\"\" width=\"300\" height=\"300\" srcset=\"http:\/\/www.sepacoautogestao.org.br\/home\/wp-content\/uploads\/2017\/08\/PostoDaMata-300x300.jpg 300w, http:\/\/www.sepacoautogestao.org.br\/home\/wp-content\/uploads\/2017\/08\/PostoDaMata-150x150.jpg 150w, http:\/\/www.sepacoautogestao.org.br\/home\/wp-content\/uploads\/2017\/08\/PostoDaMata-1024x1024.jpg 1024w\" sizes=\"(max-width: 300px) 100vw, 300px\" \/><\/p>\n<p>Coleta para exames laboratoriais, ambulat\u00f3rio de especialidades m\u00e9dicas com alergologia, anestesiologia, angiologia\/vascular, cardiologia, cirurgia geral, cl\u00ednica m\u00e9dica, dermatologia, endocrinologia, endocrinopediatria, fisioterapia, fonoaudiologia, gastroenterologia, ginecologia\/obstetr\u00edcia, hebiatria, neurologia, nutri\u00e7\u00e3o, oftalmologia, ortopedia e traumatologia, otorrinolaringologia, pediatria, psicologia, ultrassonografia e urologia.<\/p>\n<p>Rua Pedro Carolino Costa, 1.292 &#8211; Centro<br \/>\nPosto da Mata \/ BA<br \/>\nTel.: (073) 3209-1746<\/p>\n<\/div><div class='tab_item' role='tabpanel' tabindex='2' style='display:none'>\n<p><img loading=\"lazy\" class=\"wp-image-3130 alignleft\" src=\"http:\/\/www.sepacoautogestao.org.br\/home\/wp-content\/uploads\/2017\/08\/Mucuri.jpg\" alt=\"\" width=\"300\" height=\"328\" srcset=\"http:\/\/www.sepacoautogestao.org.br\/home\/wp-content\/uploads\/2017\/08\/Mucuri.jpg 875w, http:\/\/www.sepacoautogestao.org.br\/home\/wp-content\/uploads\/2017\/08\/Mucuri-768x839.jpg 768w, http:\/\/www.sepacoautogestao.org.br\/home\/wp-content\/uploads\/2017\/08\/Mucuri-100x109.jpg 100w, http:\/\/www.sepacoautogestao.org.br\/home\/wp-content\/uploads\/2017\/08\/Mucuri-230x251.jpg 230w\" sizes=\"(max-width: 300px) 100vw, 300px\" \/>Coleta para exames laboratoriais, ambulat\u00f3rio de especialidades m\u00e9dicas com alergologia, anestesiologia, angiologia\/vascular, cardiologia, cirurgia geral, cl\u00ednica m\u00e9dica, dermatologia, endocrinologia, endocrinopediatria, fisioterapia, fonoaudiologia, gastroenterologia, ginecologia\/obstetr\u00edcia, hebiatria, neurologia, nutri\u00e7\u00e3o, oftalmologia, ortopedia e traumatologia, otorrinolaringologia, pediatria, psicologia, ultrassonografia e urologia.<\/p>\n<p>Rua Oscar Teixeira de Siqueira, s\/n\u00ba &#8211; Centro &#8211; Mucuri \/ BA<br \/>\nTel.: (073) 3206-1013<\/p>\n<\/div><\/div>\r\n\t\t\t\t<\/div><\/section><section class='cws-widget'><div class='widget-title'>Maranh\u00e3o<\/div><div class='cws_widget_content tab_widget'>\r\n\t\t\t\t<div class='tabs'><a class='tab active' role='tab' tabindex='0'>Cl\u00ednica Paineiras - Imperatriz<\/a><\/div>\r\n\t\t\t\t<div class='tab_items'><div class='tab_item' role='tabpanel' tabindex='0'>\n<p><img loading=\"lazy\" class=\"wp-image-3131 alignleft\" src=\"http:\/\/www.sepacoautogestao.org.br\/home\/wp-content\/uploads\/2017\/08\/Imperatriz.jpg\" alt=\"\" width=\"300\" height=\"169\" srcset=\"http:\/\/www.sepacoautogestao.org.br\/home\/wp-content\/uploads\/2017\/08\/Imperatriz.jpg 1500w, http:\/\/www.sepacoautogestao.org.br\/home\/wp-content\/uploads\/2017\/08\/Imperatriz-768x432.jpg 768w, http:\/\/www.sepacoautogestao.org.br\/home\/wp-content\/uploads\/2017\/08\/Imperatriz-100x56.jpg 100w, http:\/\/www.sepacoautogestao.org.br\/home\/wp-content\/uploads\/2017\/08\/Imperatriz-230x129.jpg 230w\" sizes=\"(max-width: 300px) 100vw, 300px\" \/>Ambulat\u00f3rio de especialidades m\u00e9dicas.<br \/>\nRua Pernambuco, 432 &#8211; Ju\u00e7ara &#8211; Imperatriz\/MA<br \/>\nTel.: (99) 3528-4700<\/p>\n<\/div><\/div>\r\n\t\t\t\t<\/div><\/section><\/div><\/div>\n","protected":false},"excerpt":{"rendered":"","protected":false},"author":1,"featured_media":0,"parent":0,"menu_order":0,"comment_status":"closed","ping_status":"closed","template":"","meta":{"advgb_blocks_editor_width":"","advgb_blocks_columns_visual_guide":"","ub_ctt_via":"","_mi_skip_tracking":false,"_expiration-date-status":"saved","_expiration-date":0,"_expiration-date-type":"","_expiration-date-categories":[],"_expiration-date-options":[]},"featured_image_src":null,"coauthors":[],"author_meta":{"author_link":"http:\/\/www.sepacoautogestao.org.br\/home\/author\/master\/","display_name":"master"},"relative_dates":{"created":"Posted 9 anos ago","modified":"Updated 4 anos ago"},"absolute_dates":{"created":"Posted on ","modified":"Updated on "},"absolute_dates_time":{"created":"Posted on  ","modified":"Updated on  "},"featured_img_caption":"","featured_img":false,"featured_image_src_square":null,"_links":{"self":[{"href":"http:\/\/www.sepacoautogestao.org.br\/home\/wp-json\/wp\/v2\/pages\/3093"}],"collection":[{"href":"http:\/\/www.sepacoautogestao.org.br\/home\/wp-json\/wp\/v2\/pages"}],"about":[{"href":"http:\/\/www.sepacoautogestao.org.br\/home\/wp-json\/wp\/v2\/types\/page"}],"author":[{"embeddable":true,"href":"http:\/\/www.sepacoautogestao.org.br\/home\/wp-json\/wp\/v2\/users\/1"}],"replies":[{"embeddable":true,"href":"http:\/\/www.sepacoautogestao.org.br\/home\/wp-json\/wp\/v2\/comments?post=3093"}],"version-history":[{"count":2,"href":"http:\/\/www.sepacoautogestao.org.br\/home\/wp-json\/wp\/v2\/pages\/3093\/revisions"}],"predecessor-version":[{"id":14687,"href":"http:\/\/www.sepacoautogestao.org.br\/home\/wp-json\/wp\/v2\/pages\/3093\/revisions\/14687"}],"wp:attachment":[{"href":"http:\/\/www.sepacoautogestao.org.br\/home\/wp-json\/wp\/v2\/media?parent=3093"}],"curies":[{"name":"wp","href":"https:\/\/api.w.org\/{rel}","templated":true}]}}